{"id":980,"date":"2019-07-21T20:33:33","date_gmt":"2019-07-21T20:33:33","guid":{"rendered":"https:\/\/dev14.buchanan-solutions.com?page_id=980"},"modified":"2019-07-21T20:33:36","modified_gmt":"2019-07-21T20:33:36","slug":"iar-meanaoiseanna","status":"publish","type":"page","link":"https:\/\/westkerrymuseum.com\/ga\/catalog\/gailearai\/iar-meanaoiseanna\/","title":{"rendered":"Iar Me\u00e1naoiseanna"},"content":{"rendered":"\n<p>The modern era includes the early period, called the early modern period, which lasted from c. 1500 to around c. 1800 (most often 1815).<br>Particular facets of early modernity include: The Renaissance. The Reformation and Counter Reformation. <\/p>\n\n\n\n<ul class=\"wp-block-gallery columns-3 is-cropped wp-block-gallery-1 is-layout-flex wp-block-gallery-is-layout-flex\"><li class=\"blocks-gallery-item\"><figure><img decoding=\"async\" width=\"122\" height=\"98\" src=\"https:\/\/westkerrymuseum.com\/\/wp-content\/uploads\/2019\/07\/01-14.jpg\" alt=\"Ceann Sleibhe\" data-id=\"616\" data-link=\"https:\/\/westkerrymuseum.com\/?attachment_id=616&amp;lang=ga\" class=\"wp-image-616\"\/><\/figure><\/li><li class=\"blocks-gallery-item\"><figure><img decoding=\"async\" width=\"130\" height=\"86\" src=\"https:\/\/westkerrymuseum.com\/\/wp-content\/uploads\/2019\/07\/02-13.jpg\" alt=\"Roth mhuilinn\" data-id=\"620\" data-link=\"https:\/\/westkerrymuseum.com\/?attachment_id=620&amp;lang=ga\" class=\"wp-image-620\"\/><\/figure><\/li><li class=\"blocks-gallery-item\"><figure><img decoding=\"async\" width=\"130\" height=\"84\" src=\"https:\/\/westkerrymuseum.com\/\/wp-content\/uploads\/2019\/07\/03-11.jpg\" alt=\"D\u00fan M\u00f3r i Com Dh\u00edneol\" data-id=\"624\" data-link=\"https:\/\/westkerrymuseum.com\/?attachment_id=624&amp;lang=ga\" class=\"wp-image-624\"\/><\/figure><\/li><li class=\"blocks-gallery-item\"><figure><img loading=\"lazy\" decoding=\"async\" width=\"130\" height=\"84\" src=\"https:\/\/westkerrymuseum.com\/\/wp-content\/uploads\/2019\/07\/05-9.jpg\" alt=\"Saip\u00e9al Naomh Sheamais\" data-id=\"632\" data-link=\"https:\/\/westkerrymuseum.com\/?attachment_id=632&amp;lang=ga\" class=\"wp-image-632\"\/><\/figure><\/li><li class=\"blocks-gallery-item\"><figure><img loading=\"lazy\" decoding=\"async\" width=\"128\" height=\"160\" src=\"https:\/\/westkerrymuseum.com\/\/wp-content\/uploads\/2019\/07\/06-8.jpg\" alt=\"Col\u00e1iste \u00edde\" data-id=\"636\" data-link=\"https:\/\/westkerrymuseum.com\/?attachment_id=636&amp;lang=ga\" class=\"wp-image-636\"\/><\/figure><\/li><li class=\"blocks-gallery-item\"><figure><img loading=\"lazy\" decoding=\"async\" width=\"107\" height=\"160\" src=\"https:\/\/westkerrymuseum.com\/\/wp-content\/uploads\/2019\/07\/08-8.jpg\" alt=\"Cill Mh\u00e1iread\" data-id=\"644\" data-link=\"https:\/\/westkerrymuseum.com\/?attachment_id=644&amp;lang=ga\" class=\"wp-image-644\"\/><\/figure><\/li><li class=\"blocks-gallery-item\"><figure><img loading=\"lazy\" decoding=\"async\" width=\"102\" height=\"160\" src=\"https:\/\/westkerrymuseum.com\/\/wp-content\/uploads\/2019\/07\/14-5.jpg\" alt=\"Na Gleannta\" data-id=\"668\" data-link=\"https:\/\/westkerrymuseum.com\/?attachment_id=668&amp;lang=ga\" class=\"wp-image-668\"\/><\/figure><\/li><li class=\"blocks-gallery-item\"><figure><img loading=\"lazy\" decoding=\"async\" width=\"130\" height=\"84\" src=\"https:\/\/westkerrymuseum.com\/\/wp-content\/uploads\/2019\/07\/10-5.jpg\" alt=\"Tuama Tiarna Fionn Tr\u00e1\" data-id=\"652\" data-link=\"https:\/\/westkerrymuseum.com\/?attachment_id=652&amp;lang=ga\" class=\"wp-image-652\"\/><\/figure><\/li><li class=\"blocks-gallery-item\"><figure><img loading=\"lazy\" decoding=\"async\" width=\"130\" height=\"98\" src=\"https:\/\/westkerrymuseum.com\/\/wp-content\/uploads\/2019\/07\/11-6.jpg\" alt=\"Cloch\u00e1n\" data-id=\"656\" data-link=\"https:\/\/westkerrymuseum.com\/?attachment_id=656&amp;lang=ga\" class=\"wp-image-656\"\/><\/figure><\/li><li class=\"blocks-gallery-item\"><figure><img loading=\"lazy\" decoding=\"async\" width=\"130\" height=\"84\" src=\"https:\/\/westkerrymuseum.com\/\/wp-content\/uploads\/2019\/07\/12-4.jpg\" alt=\"T\u00far ar an Loch\" data-id=\"660\" data-link=\"https:\/\/westkerrymuseum.com\/?attachment_id=660&amp;lang=ga\" class=\"wp-image-660\"\/><\/figure><\/li><li class=\"blocks-gallery-item\"><figure><img loading=\"lazy\" decoding=\"async\" width=\"130\" height=\"98\" src=\"https:\/\/westkerrymuseum.com\/\/wp-content\/uploads\/2019\/07\/13-4.jpg\" alt=\"Cloch\u00e1n\" data-id=\"664\" data-link=\"https:\/\/westkerrymuseum.com\/?attachment_id=664&amp;lang=ga\" class=\"wp-image-664\"\/><\/figure><\/li><li class=\"blocks-gallery-item\"><figure><img loading=\"lazy\" decoding=\"async\" width=\"130\" height=\"98\" src=\"https:\/\/westkerrymuseum.com\/\/wp-content\/uploads\/2019\/07\/09-7.jpg\" alt=\"Sean-drochead\" data-id=\"648\" data-link=\"https:\/\/westkerrymuseum.com\/?attachment_id=648&amp;lang=ga\" class=\"wp-image-648\"\/><\/figure><\/li><li class=\"blocks-gallery-item\"><figure><img loading=\"lazy\" decoding=\"async\" width=\"120\" height=\"160\" src=\"https:\/\/westkerrymuseum.com\/\/wp-content\/uploads\/2019\/07\/07-8.jpg\" alt=\"D\u00fan an \u00d3ir\" data-id=\"640\" data-link=\"https:\/\/westkerrymuseum.com\/?attachment_id=640&amp;lang=ga\" class=\"wp-image-640\"\/><\/figure><\/li><li class=\"blocks-gallery-item\"><figure><img loading=\"lazy\" decoding=\"async\" width=\"104\" height=\"160\" src=\"https:\/\/westkerrymuseum.com\/\/wp-content\/uploads\/2019\/07\/15-3.jpg\" alt=\"D\u00fan an \u00d3ir\" data-id=\"672\" data-link=\"https:\/\/westkerrymuseum.com\/?attachment_id=672&amp;lang=ga\" class=\"wp-image-672\"\/><\/figure><\/li><li class=\"blocks-gallery-item\"><figure><img loading=\"lazy\" decoding=\"async\" width=\"103\" height=\"160\" src=\"https:\/\/westkerrymuseum.com\/\/wp-content\/uploads\/2019\/07\/16-3.jpg\" alt=\"Leac cuimhneach\u00e1in Mullins\" data-id=\"676\" data-link=\"https:\/\/westkerrymuseum.com\/?attachment_id=676&amp;lang=ga\" class=\"wp-image-676\"\/><\/figure><\/li><li class=\"blocks-gallery-item\"><figure><img loading=\"lazy\" decoding=\"async\" width=\"130\" height=\"77\" src=\"https:\/\/westkerrymuseum.com\/\/wp-content\/uploads\/2019\/07\/04-11.jpg\" alt=\"An seana \u00f3spid\u00e9al\" data-id=\"628\" data-link=\"https:\/\/westkerrymuseum.com\/?attachment_id=628&amp;lang=ga\" class=\"wp-image-628\"\/><\/figure><\/li><\/ul>\n","protected":false},"excerpt":{"rendered":"<p>The modern era includes the early period, called the early modern period, which lasted from c. 1500 to around c. 1800 (most often 1815).Particular facets of early modernity include: The Renaissance. The Reformation and Counter Reformation.<\/p>\n","protected":false},"author":3,"featured_media":0,"parent":978,"menu_order":0,"comment_status":"closed","ping_status":"closed","template":"","meta":{"ocean_post_layout":"","ocean_both_sidebars_style":"","ocean_both_sidebars_content_width":0,"ocean_both_sidebars_sidebars_width":0,"ocean_sidebar":"","ocean_second_sidebar":"","ocean_disable_margins":"enable","ocean_add_body_class":"","ocean_shortcode_before_top_bar":"","ocean_shortcode_after_top_bar":"","ocean_shortcode_before_header":"","ocean_shortcode_after_header":"","ocean_has_shortcode":"","ocean_shortcode_after_title":"","ocean_shortcode_before_footer_widgets":"","ocean_shortcode_after_footer_widgets":"","ocean_shortcode_before_footer_bottom":"","ocean_shortcode_after_footer_bottom":"","ocean_display_top_bar":"default","ocean_display_header":"default","ocean_header_style":"","ocean_center_header_left_menu":"","ocean_custom_header_template":"","ocean_custom_logo":0,"ocean_custom_retina_logo":0,"ocean_custom_logo_max_width":0,"ocean_custom_logo_tablet_max_width":0,"ocean_custom_logo_mobile_max_width":0,"ocean_custom_logo_max_height":0,"ocean_custom_logo_tablet_max_height":0,"ocean_custom_logo_mobile_max_height":0,"ocean_header_custom_menu":"","ocean_menu_typo_font_family":"","ocean_menu_typo_font_subset":"","ocean_menu_typo_font_size":0,"ocean_menu_typo_font_size_tablet":0,"ocean_menu_typo_font_size_mobile":0,"ocean_menu_typo_font_size_unit":"px","ocean_menu_typo_font_weight":"","ocean_menu_typo_font_weight_tablet":"","ocean_menu_typo_font_weight_mobile":"","ocean_menu_typo_transform":"","ocean_menu_typo_transform_tablet":"","ocean_menu_typo_transform_mobile":"","ocean_menu_typo_line_height":0,"ocean_menu_typo_line_height_tablet":0,"ocean_menu_typo_line_height_mobile":0,"ocean_menu_typo_line_height_unit":"","ocean_menu_typo_spacing":0,"ocean_menu_typo_spacing_tablet":0,"ocean_menu_typo_spacing_mobile":0,"ocean_menu_typo_spacing_unit":"","ocean_menu_link_color":"","ocean_menu_link_color_hover":"","ocean_menu_link_color_active":"","ocean_menu_link_background":"","ocean_menu_link_hover_background":"","ocean_menu_link_active_background":"","ocean_menu_social_links_bg":"","ocean_menu_social_hover_links_bg":"","ocean_menu_social_links_color":"","ocean_menu_social_hover_links_color":"","ocean_disable_title":"default","ocean_disable_heading":"default","ocean_post_title":"","ocean_post_subheading":"","ocean_post_title_style":"","ocean_post_title_background_color":"","ocean_post_title_background":0,"ocean_post_title_bg_image_position":"","ocean_post_title_bg_image_attachment":"","ocean_post_title_bg_image_repeat":"","ocean_post_title_bg_image_size":"","ocean_post_title_height":0,"ocean_post_title_bg_overlay":0.5,"ocean_post_title_bg_overlay_color":"","ocean_disable_breadcrumbs":"default","ocean_breadcrumbs_color":"","ocean_breadcrumbs_separator_color":"","ocean_breadcrumbs_links_color":"","ocean_breadcrumbs_links_hover_color":"","ocean_display_footer_widgets":"default","ocean_display_footer_bottom":"default","ocean_custom_footer_template":"","footnotes":""},"class_list":["post-980","page","type-page","status-publish","hentry","entry"],"yoast_head":"<!-- This site is optimized with the Yoast SEO plugin v26.6 - https:\/\/yoast.com\/wordpress\/plugins\/seo\/ -->\n<title>Iar Me\u00e1naoiseanna - West Kerry Museum<\/title>\n<meta name=\"robots\" content=\"index, follow, max-snippet:-1, max-image-preview:large, max-video-preview:-1\" \/>\n<link rel=\"canonical\" href=\"https:\/\/westkerrymuseum.com\/ga\/catalog\/gailearai\/iar-meanaoiseanna\/\" \/>\n<meta property=\"og:locale\" content=\"ga_IE\" \/>\n<meta property=\"og:type\" content=\"article\" \/>\n<meta property=\"og:title\" content=\"Iar Me\u00e1naoiseanna - West Kerry Museum\" \/>\n<meta property=\"og:description\" content=\"The modern era includes the early period, called the early modern period, which lasted from c. 1500 to around c. 1800 (most often 1815).Particular facets of early modernity include: The Renaissance. The Reformation and Counter Reformation.\" \/>\n<meta property=\"og:url\" content=\"https:\/\/westkerrymuseum.com\/ga\/catalog\/gailearai\/iar-meanaoiseanna\/\" \/>\n<meta property=\"og:site_name\" content=\"West Kerry Museum\" \/>\n<meta property=\"article:modified_time\" content=\"2019-07-21T20:33:36+00:00\" \/>\n<meta property=\"og:image\" content=\"https:\/\/westkerrymuseum.com\/\/wp-content\/uploads\/2019\/07\/01-14.jpg\" \/>\n<meta name=\"twitter:card\" content=\"summary_large_image\" \/>\n<script type=\"application\/ld+json\" class=\"yoast-schema-graph\">{\"@context\":\"https:\/\/schema.org\",\"@graph\":[{\"@type\":\"WebPage\",\"@id\":\"https:\/\/westkerrymuseum.com\/ga\/catalog\/gailearai\/iar-meanaoiseanna\/\",\"url\":\"https:\/\/westkerrymuseum.com\/ga\/catalog\/gailearai\/iar-meanaoiseanna\/\",\"name\":\"Iar Me\u00e1naoiseanna - West Kerry Museum\",\"isPartOf\":{\"@id\":\"https:\/\/westkerrymuseum.com\/ga\/#website\"},\"primaryImageOfPage\":{\"@id\":\"https:\/\/westkerrymuseum.com\/ga\/catalog\/gailearai\/iar-meanaoiseanna\/#primaryimage\"},\"image\":{\"@id\":\"https:\/\/westkerrymuseum.com\/ga\/catalog\/gailearai\/iar-meanaoiseanna\/#primaryimage\"},\"thumbnailUrl\":\"https:\/\/westkerrymuseum.com\/\/wp-content\/uploads\/2019\/07\/01-14.jpg\",\"datePublished\":\"2019-07-21T20:33:33+00:00\",\"dateModified\":\"2019-07-21T20:33:36+00:00\",\"breadcrumb\":{\"@id\":\"https:\/\/westkerrymuseum.com\/ga\/catalog\/gailearai\/iar-meanaoiseanna\/#breadcrumb\"},\"inLanguage\":\"ga-IE\",\"potentialAction\":[{\"@type\":\"ReadAction\",\"target\":[\"https:\/\/westkerrymuseum.com\/ga\/catalog\/gailearai\/iar-meanaoiseanna\/\"]}]},{\"@type\":\"ImageObject\",\"inLanguage\":\"ga-IE\",\"@id\":\"https:\/\/westkerrymuseum.com\/ga\/catalog\/gailearai\/iar-meanaoiseanna\/#primaryimage\",\"url\":\"https:\/\/westkerrymuseum.com\/\/wp-content\/uploads\/2019\/07\/01-14.jpg\",\"contentUrl\":\"https:\/\/westkerrymuseum.com\/\/wp-content\/uploads\/2019\/07\/01-14.jpg\"},{\"@type\":\"BreadcrumbList\",\"@id\":\"https:\/\/westkerrymuseum.com\/ga\/catalog\/gailearai\/iar-meanaoiseanna\/#breadcrumb\",\"itemListElement\":[{\"@type\":\"ListItem\",\"position\":1,\"name\":\"Home\",\"item\":\"https:\/\/westkerrymuseum.com\/ga\/\"},{\"@type\":\"ListItem\",\"position\":2,\"name\":\"Catalog\",\"item\":\"https:\/\/westkerrymuseum.com\/ga\/catalog\/\"},{\"@type\":\"ListItem\",\"position\":3,\"name\":\"Gailearai\",\"item\":\"https:\/\/westkerrymuseum.com\/ga\/catalog\/gailearai\/\"},{\"@type\":\"ListItem\",\"position\":4,\"name\":\"Iar Me\u00e1naoiseanna\"}]},{\"@type\":\"WebSite\",\"@id\":\"https:\/\/westkerrymuseum.com\/ga\/#website\",\"url\":\"https:\/\/westkerrymuseum.com\/ga\/\",\"name\":\"West Kerry Museum\",\"description\":\"Culture &amp; Heritage Museum in West Kerry, Ireland\",\"publisher\":{\"@id\":\"https:\/\/westkerrymuseum.com\/ga\/#organization\"},\"potentialAction\":[{\"@type\":\"SearchAction\",\"target\":{\"@type\":\"EntryPoint\",\"urlTemplate\":\"https:\/\/westkerrymuseum.com\/ga\/?s={search_term_string}\"},\"query-input\":{\"@type\":\"PropertyValueSpecification\",\"valueRequired\":true,\"valueName\":\"search_term_string\"}}],\"inLanguage\":\"ga-IE\"},{\"@type\":\"Organization\",\"@id\":\"https:\/\/westkerrymuseum.com\/ga\/#organization\",\"name\":\"West Kerry Museum\",\"url\":\"https:\/\/westkerrymuseum.com\/ga\/\",\"logo\":{\"@type\":\"ImageObject\",\"inLanguage\":\"ga-IE\",\"@id\":\"https:\/\/westkerrymuseum.com\/ga\/#\/schema\/logo\/image\/\",\"url\":\"https:\/\/westkerrymuseum.com\/wp-content\/uploads\/2019\/08\/west-kerry-museum-logo-1.png\",\"contentUrl\":\"https:\/\/westkerrymuseum.com\/wp-content\/uploads\/2019\/08\/west-kerry-museum-logo-1.png\",\"width\":500,\"height\":219,\"caption\":\"West Kerry Museum\"},\"image\":{\"@id\":\"https:\/\/westkerrymuseum.com\/ga\/#\/schema\/logo\/image\/\"}}]}<\/script>\n<!-- \/ Yoast SEO plugin. -->","yoast_head_json":{"title":"Iar Me\u00e1naoiseanna - West Kerry Museum","robots":{"index":"index","follow":"follow","max-snippet":"max-snippet:-1","max-image-preview":"max-image-preview:large","max-video-preview":"max-video-preview:-1"},"canonical":"https:\/\/westkerrymuseum.com\/ga\/catalog\/gailearai\/iar-meanaoiseanna\/","og_locale":"ga_IE","og_type":"article","og_title":"Iar Me\u00e1naoiseanna - West Kerry Museum","og_description":"The modern era includes the early period, called the early modern period, which lasted from c. 1500 to around c. 1800 (most often 1815).Particular facets of early modernity include: The Renaissance. The Reformation and Counter Reformation.","og_url":"https:\/\/westkerrymuseum.com\/ga\/catalog\/gailearai\/iar-meanaoiseanna\/","og_site_name":"West Kerry Museum","article_modified_time":"2019-07-21T20:33:36+00:00","og_image":[{"url":"https:\/\/westkerrymuseum.com\/\/wp-content\/uploads\/2019\/07\/01-14.jpg","type":"","width":"","height":""}],"twitter_card":"summary_large_image","schema":{"@context":"https:\/\/schema.org","@graph":[{"@type":"WebPage","@id":"https:\/\/westkerrymuseum.com\/ga\/catalog\/gailearai\/iar-meanaoiseanna\/","url":"https:\/\/westkerrymuseum.com\/ga\/catalog\/gailearai\/iar-meanaoiseanna\/","name":"Iar Me\u00e1naoiseanna - West Kerry Museum","isPartOf":{"@id":"https:\/\/westkerrymuseum.com\/ga\/#website"},"primaryImageOfPage":{"@id":"https:\/\/westkerrymuseum.com\/ga\/catalog\/gailearai\/iar-meanaoiseanna\/#primaryimage"},"image":{"@id":"https:\/\/westkerrymuseum.com\/ga\/catalog\/gailearai\/iar-meanaoiseanna\/#primaryimage"},"thumbnailUrl":"https:\/\/westkerrymuseum.com\/\/wp-content\/uploads\/2019\/07\/01-14.jpg","datePublished":"2019-07-21T20:33:33+00:00","dateModified":"2019-07-21T20:33:36+00:00","breadcrumb":{"@id":"https:\/\/westkerrymuseum.com\/ga\/catalog\/gailearai\/iar-meanaoiseanna\/#breadcrumb"},"inLanguage":"ga-IE","potentialAction":[{"@type":"ReadAction","target":["https:\/\/westkerrymuseum.com\/ga\/catalog\/gailearai\/iar-meanaoiseanna\/"]}]},{"@type":"ImageObject","inLanguage":"ga-IE","@id":"https:\/\/westkerrymuseum.com\/ga\/catalog\/gailearai\/iar-meanaoiseanna\/#primaryimage","url":"https:\/\/westkerrymuseum.com\/\/wp-content\/uploads\/2019\/07\/01-14.jpg","contentUrl":"https:\/\/westkerrymuseum.com\/\/wp-content\/uploads\/2019\/07\/01-14.jpg"},{"@type":"BreadcrumbList","@id":"https:\/\/westkerrymuseum.com\/ga\/catalog\/gailearai\/iar-meanaoiseanna\/#breadcrumb","itemListElement":[{"@type":"ListItem","position":1,"name":"Home","item":"https:\/\/westkerrymuseum.com\/ga\/"},{"@type":"ListItem","position":2,"name":"Catalog","item":"https:\/\/westkerrymuseum.com\/ga\/catalog\/"},{"@type":"ListItem","position":3,"name":"Gailearai","item":"https:\/\/westkerrymuseum.com\/ga\/catalog\/gailearai\/"},{"@type":"ListItem","position":4,"name":"Iar Me\u00e1naoiseanna"}]},{"@type":"WebSite","@id":"https:\/\/westkerrymuseum.com\/ga\/#website","url":"https:\/\/westkerrymuseum.com\/ga\/","name":"West Kerry Museum","description":"Culture &amp; Heritage Museum in West Kerry, Ireland","publisher":{"@id":"https:\/\/westkerrymuseum.com\/ga\/#organization"},"potentialAction":[{"@type":"SearchAction","target":{"@type":"EntryPoint","urlTemplate":"https:\/\/westkerrymuseum.com\/ga\/?s={search_term_string}"},"query-input":{"@type":"PropertyValueSpecification","valueRequired":true,"valueName":"search_term_string"}}],"inLanguage":"ga-IE"},{"@type":"Organization","@id":"https:\/\/westkerrymuseum.com\/ga\/#organization","name":"West Kerry Museum","url":"https:\/\/westkerrymuseum.com\/ga\/","logo":{"@type":"ImageObject","inLanguage":"ga-IE","@id":"https:\/\/westkerrymuseum.com\/ga\/#\/schema\/logo\/image\/","url":"https:\/\/westkerrymuseum.com\/wp-content\/uploads\/2019\/08\/west-kerry-museum-logo-1.png","contentUrl":"https:\/\/westkerrymuseum.com\/wp-content\/uploads\/2019\/08\/west-kerry-museum-logo-1.png","width":500,"height":219,"caption":"West Kerry Museum"},"image":{"@id":"https:\/\/westkerrymuseum.com\/ga\/#\/schema\/logo\/image\/"}}]}},"_links":{"self":[{"href":"https:\/\/westkerrymuseum.com\/ga\/wp-json\/wp\/v2\/pages\/980","targetHints":{"allow":["GET"]}}],"collection":[{"href":"https:\/\/westkerrymuseum.com\/ga\/wp-json\/wp\/v2\/pages"}],"about":[{"href":"https:\/\/westkerrymuseum.com\/ga\/wp-json\/wp\/v2\/types\/page"}],"author":[{"embeddable":true,"href":"https:\/\/westkerrymuseum.com\/ga\/wp-json\/wp\/v2\/users\/3"}],"replies":[{"embeddable":true,"href":"https:\/\/westkerrymuseum.com\/ga\/wp-json\/wp\/v2\/comments?post=980"}],"version-history":[{"count":1,"href":"https:\/\/westkerrymuseum.com\/ga\/wp-json\/wp\/v2\/pages\/980\/revisions"}],"predecessor-version":[{"id":981,"href":"https:\/\/westkerrymuseum.com\/ga\/wp-json\/wp\/v2\/pages\/980\/revisions\/981"}],"up":[{"embeddable":true,"href":"https:\/\/westkerrymuseum.com\/ga\/wp-json\/wp\/v2\/pages\/978"}],"wp:attachment":[{"href":"https:\/\/westkerrymuseum.com\/ga\/wp-json\/wp\/v2\/media?parent=980"}],"curies":[{"name":"wp","href":"https:\/\/api.w.org\/{rel}","templated":true}]}}