{"id":970,"date":"2019-07-21T19:09:27","date_gmt":"2019-07-21T19:09:27","guid":{"rendered":"https:\/\/dev14.buchanan-solutions.com?page_id=970"},"modified":"2019-07-21T20:11:42","modified_gmt":"2019-07-21T20:11:42","slug":"na-meanaoiseanna","status":"publish","type":"page","link":"https:\/\/westkerrymuseum.com\/ga\/catalog\/na-meanaoiseanna\/","title":{"rendered":"Na Me\u00e1naoiseanna"},"content":{"rendered":"\n<p>The Medieval Period or Middle Ages occurred after the Golden Age Period in Ireland. People were already coming from all over Europe to study in Ireland\u2019s monasteries, to trade and even settle. <\/p>\n\n\n\n<ul class=\"wp-block-gallery columns-3 is-cropped wp-block-gallery-1 is-layout-flex wp-block-gallery-is-layout-flex\"><li class=\"blocks-gallery-item\"><figure><img decoding=\"async\" width=\"130\" height=\"72\" src=\"https:\/\/westkerrymuseum.com\/\/wp-content\/uploads\/2019\/07\/cannonballs.jpg\" alt=\"Caora ordan\u00e1is\" data-id=\"368\" data-link=\"https:\/\/westkerrymuseum.com\/?attachment_id=368&amp;lang=ga\" class=\"wp-image-368\"\/><\/figure><\/li><li class=\"blocks-gallery-item\"><figure><img decoding=\"async\" width=\"117\" height=\"96\" src=\"https:\/\/westkerrymuseum.com\/\/wp-content\/uploads\/2019\/07\/dinglejetton.jpg\" alt=\"M\u00fanla cnaipe cloiche.\" data-id=\"372\" data-link=\"https:\/\/westkerrymuseum.com\/?attachment_id=372&amp;lang=ga\" class=\"wp-image-372\"\/><\/figure><\/li><li class=\"blocks-gallery-item\"><figure><img decoding=\"async\" width=\"126\" height=\"96\" src=\"https:\/\/westkerrymuseum.com\/\/wp-content\/uploads\/2019\/07\/knocknahow.jpg\" alt=\"M\u00fanla cnaipe cloiche.\" data-id=\"380\" data-link=\"https:\/\/westkerrymuseum.com\/?attachment_id=380&amp;lang=ga\" class=\"wp-image-380\"\/><\/figure><\/li><li class=\"blocks-gallery-item\"><figure><img loading=\"lazy\" decoding=\"async\" width=\"101\" height=\"96\" src=\"https:\/\/westkerrymuseum.com\/\/wp-content\/uploads\/2019\/07\/smerwickbuckle.jpg\" alt=\"B\u00facla cr\u00e9-umha\" data-id=\"384\" data-link=\"https:\/\/westkerrymuseum.com\/?attachment_id=384&amp;lang=ga\" class=\"wp-image-384\"\/><\/figure><\/li><li class=\"blocks-gallery-item\"><figure><img loading=\"lazy\" decoding=\"async\" width=\"128\" height=\"160\" src=\"https:\/\/westkerrymuseum.com\/\/wp-content\/uploads\/2019\/07\/font.jpg\" alt=\"Umar baiste.\" data-id=\"376\" data-link=\"https:\/\/westkerrymuseum.com\/?attachment_id=376&amp;lang=ga\" class=\"wp-image-376\"\/><\/figure><\/li><\/ul>\n\n\n\n<p>The modern era includes the early period, called the early modern period, which lasted from c. 1500 to around c. 1800 (most often 1815).<br>Particular facets of early modernity include: The Renaissance. The Reformation and Counter Reformation. <\/p>\n\n\n\n<ul class=\"wp-block-gallery columns-3 is-cropped wp-block-gallery-2 is-layout-flex wp-block-gallery-is-layout-flex\"><li class=\"blocks-gallery-item\"><figure><img loading=\"lazy\" decoding=\"async\" width=\"130\" height=\"98\" src=\"https:\/\/westkerrymuseum.com\/\/wp-content\/uploads\/2019\/07\/01-8.jpg\" alt=\"Tig Bhr\u00e9anann\" data-id=\"388\" data-link=\"https:\/\/westkerrymuseum.com\/?attachment_id=388&amp;lang=ga\" class=\"wp-image-388\"\/><\/figure><\/li><li class=\"blocks-gallery-item\"><figure><img loading=\"lazy\" decoding=\"async\" width=\"130\" height=\"98\" src=\"https:\/\/westkerrymuseum.com\/\/wp-content\/uploads\/2019\/07\/02-8.jpg\" alt=\"Tig Bhr\u00e9anann\" data-id=\"392\" data-link=\"https:\/\/westkerrymuseum.com\/?attachment_id=392&amp;lang=ga\" class=\"wp-image-392\"\/><\/figure><\/li><li class=\"blocks-gallery-item\"><figure><img loading=\"lazy\" decoding=\"async\" width=\"130\" height=\"84\" src=\"https:\/\/westkerrymuseum.com\/\/wp-content\/uploads\/2019\/07\/03-7.jpg\" alt=\"Plaic bhalla\" data-id=\"396\" data-link=\"https:\/\/westkerrymuseum.com\/?attachment_id=396&amp;lang=ga\" class=\"wp-image-396\"\/><\/figure><\/li><li class=\"blocks-gallery-item\"><figure><img loading=\"lazy\" decoding=\"async\" width=\"130\" height=\"98\" src=\"https:\/\/westkerrymuseum.com\/\/wp-content\/uploads\/2019\/07\/04-6.jpg\" alt=\"Caisle\u00e1n R\u00e1th Shean\u00e1in\" data-id=\"400\" data-link=\"https:\/\/westkerrymuseum.com\/?attachment_id=400&amp;lang=ga\" class=\"wp-image-400\"\/><\/figure><\/li><li class=\"blocks-gallery-item\"><figure><img loading=\"lazy\" decoding=\"async\" width=\"130\" height=\"84\" src=\"https:\/\/westkerrymuseum.com\/\/wp-content\/uploads\/2019\/07\/05-5.jpg\" alt=\"Gear\u00f3id Fitzgerald\" data-id=\"404\" data-link=\"https:\/\/westkerrymuseum.com\/?attachment_id=404&amp;lang=ga\" class=\"wp-image-404\"\/><\/figure><\/li><li class=\"blocks-gallery-item\"><figure><img loading=\"lazy\" decoding=\"async\" width=\"130\" height=\"80\" src=\"https:\/\/westkerrymuseum.com\/\/wp-content\/uploads\/2019\/07\/12-2.jpg\" alt=\"Reilg Naomh Sheamais\" data-id=\"432\" data-link=\"https:\/\/westkerrymuseum.com\/?attachment_id=432&amp;lang=ga\" class=\"wp-image-432\"\/><\/figure><\/li><li class=\"blocks-gallery-item\"><figure><img loading=\"lazy\" decoding=\"async\" width=\"130\" height=\"98\" src=\"https:\/\/westkerrymuseum.com\/\/wp-content\/uploads\/2019\/07\/09-4.jpg\" alt=\"Cos\u00e1n na Naomh\" data-id=\"420\" data-link=\"https:\/\/westkerrymuseum.com\/?attachment_id=420&amp;lang=ga\" class=\"wp-image-420\"\/><\/figure><\/li><li class=\"blocks-gallery-item\"><figure><img loading=\"lazy\" decoding=\"async\" width=\"130\" height=\"84\" src=\"https:\/\/westkerrymuseum.com\/\/wp-content\/uploads\/2019\/07\/10-3.jpg\" alt=\"D\u00fan an Fheirt\u00e9araigh\" data-id=\"424\" data-link=\"https:\/\/westkerrymuseum.com\/?attachment_id=424&amp;lang=ga\" class=\"wp-image-424\"\/><\/figure><\/li><li class=\"blocks-gallery-item\"><figure><img loading=\"lazy\" decoding=\"async\" width=\"107\" height=\"160\" src=\"https:\/\/westkerrymuseum.com\/\/wp-content\/uploads\/2019\/07\/14-2.jpg\" alt=\"Cailse\u00e1n Gallros\" data-id=\"440\" data-link=\"https:\/\/westkerrymuseum.com\/?attachment_id=440&amp;lang=ga\" class=\"wp-image-440\"\/><\/figure><\/li><li class=\"blocks-gallery-item\"><figure><img loading=\"lazy\" decoding=\"async\" width=\"104\" height=\"160\" src=\"https:\/\/westkerrymuseum.com\/\/wp-content\/uploads\/2019\/07\/13-2.jpg\" alt=\"Cill Maolch\u00e9adair\" data-id=\"436\" data-link=\"https:\/\/westkerrymuseum.com\/?attachment_id=436&amp;lang=ga\" class=\"wp-image-436\"\/><\/figure><\/li><li class=\"blocks-gallery-item\"><figure><img loading=\"lazy\" decoding=\"async\" width=\"120\" height=\"160\" src=\"https:\/\/westkerrymuseum.com\/\/wp-content\/uploads\/2019\/07\/06-5.jpg\" alt=\"Caisle\u00e1n na Mhin Airde\" data-id=\"408\" data-link=\"https:\/\/westkerrymuseum.com\/?attachment_id=408&amp;lang=ga\" class=\"wp-image-408\"\/><\/figure><\/li><li class=\"blocks-gallery-item\"><figure><img loading=\"lazy\" decoding=\"async\" width=\"120\" height=\"160\" src=\"https:\/\/westkerrymuseum.com\/\/wp-content\/uploads\/2019\/07\/07-5.jpg\" alt=\"Caisle\u00e1n R\u00e1th Shean\u00e1in\" data-id=\"412\" data-link=\"https:\/\/westkerrymuseum.com\/?attachment_id=412&amp;lang=ga\" class=\"wp-image-412\"\/><\/figure><\/li><li class=\"blocks-gallery-item\"><figure><img loading=\"lazy\" decoding=\"async\" width=\"130\" height=\"98\" src=\"https:\/\/westkerrymuseum.com\/\/wp-content\/uploads\/2019\/07\/11-3.jpg\" alt=\"Caisle\u00e1n na Mhin Airde\" data-id=\"428\" data-link=\"https:\/\/westkerrymuseum.com\/?attachment_id=428&amp;lang=ga\" class=\"wp-image-428\"\/><\/figure><\/li><\/ul>\n","protected":false},"excerpt":{"rendered":"<p>The Medieval Period or Middle Ages occurred after the Golden Age Period in Ireland. People were already coming from all over Europe to study in Ireland\u2019s monasteries, to trade and even settle. The modern era includes the early period, called the early modern period, which lasted from c. 1500 to around c. 1800 (most often [&hellip;]<\/p>\n","protected":false},"author":3,"featured_media":0,"parent":952,"menu_order":0,"comment_status":"closed","ping_status":"closed","template":"","meta":{"ocean_post_layout":"","ocean_both_sidebars_style":"","ocean_both_sidebars_content_width":0,"ocean_both_sidebars_sidebars_width":0,"ocean_sidebar":"","ocean_second_sidebar":"","ocean_disable_margins":"enable","ocean_add_body_class":"","ocean_shortcode_before_top_bar":"","ocean_shortcode_after_top_bar":"","ocean_shortcode_before_header":"","ocean_shortcode_after_header":"","ocean_has_shortcode":"","ocean_shortcode_after_title":"","ocean_shortcode_before_footer_widgets":"","ocean_shortcode_after_footer_widgets":"","ocean_shortcode_before_footer_bottom":"","ocean_shortcode_after_footer_bottom":"","ocean_display_top_bar":"default","ocean_display_header":"default","ocean_header_style":"","ocean_center_header_left_menu":"","ocean_custom_header_template":"","ocean_custom_logo":0,"ocean_custom_retina_logo":0,"ocean_custom_logo_max_width":0,"ocean_custom_logo_tablet_max_width":0,"ocean_custom_logo_mobile_max_width":0,"ocean_custom_logo_max_height":0,"ocean_custom_logo_tablet_max_height":0,"ocean_custom_logo_mobile_max_height":0,"ocean_header_custom_menu":"","ocean_menu_typo_font_family":"","ocean_menu_typo_font_subset":"","ocean_menu_typo_font_size":0,"ocean_menu_typo_font_size_tablet":0,"ocean_menu_typo_font_size_mobile":0,"ocean_menu_typo_font_size_unit":"px","ocean_menu_typo_font_weight":"","ocean_menu_typo_font_weight_tablet":"","ocean_menu_typo_font_weight_mobile":"","ocean_menu_typo_transform":"","ocean_menu_typo_transform_tablet":"","ocean_menu_typo_transform_mobile":"","ocean_menu_typo_line_height":0,"ocean_menu_typo_line_height_tablet":0,"ocean_menu_typo_line_height_mobile":0,"ocean_menu_typo_line_height_unit":"","ocean_menu_typo_spacing":0,"ocean_menu_typo_spacing_tablet":0,"ocean_menu_typo_spacing_mobile":0,"ocean_menu_typo_spacing_unit":"","ocean_menu_link_color":"","ocean_menu_link_color_hover":"","ocean_menu_link_color_active":"","ocean_menu_link_background":"","ocean_menu_link_hover_background":"","ocean_menu_link_active_background":"","ocean_menu_social_links_bg":"","ocean_menu_social_hover_links_bg":"","ocean_menu_social_links_color":"","ocean_menu_social_hover_links_color":"","ocean_disable_title":"default","ocean_disable_heading":"default","ocean_post_title":"","ocean_post_subheading":"","ocean_post_title_style":"","ocean_post_title_background_color":"","ocean_post_title_background":0,"ocean_post_title_bg_image_position":"","ocean_post_title_bg_image_attachment":"","ocean_post_title_bg_image_repeat":"","ocean_post_title_bg_image_size":"","ocean_post_title_height":0,"ocean_post_title_bg_overlay":0.5,"ocean_post_title_bg_overlay_color":"","ocean_disable_breadcrumbs":"default","ocean_breadcrumbs_color":"","ocean_breadcrumbs_separator_color":"","ocean_breadcrumbs_links_color":"","ocean_breadcrumbs_links_hover_color":"","ocean_display_footer_widgets":"default","ocean_display_footer_bottom":"default","ocean_custom_footer_template":"","footnotes":""},"class_list":["post-970","page","type-page","status-publish","hentry","entry"],"yoast_head":"<!-- This site is optimized with the Yoast SEO plugin v26.6 - https:\/\/yoast.com\/wordpress\/plugins\/seo\/ -->\n<title>Na Me\u00e1naoiseanna - West Kerry Museum<\/title>\n<meta name=\"robots\" content=\"index, follow, max-snippet:-1, max-image-preview:large, max-video-preview:-1\" \/>\n<link rel=\"canonical\" href=\"https:\/\/westkerrymuseum.com\/ga\/catalog\/na-meanaoiseanna\/\" \/>\n<meta property=\"og:locale\" content=\"ga_IE\" \/>\n<meta property=\"og:type\" content=\"article\" \/>\n<meta property=\"og:title\" content=\"Na Me\u00e1naoiseanna - West Kerry Museum\" \/>\n<meta property=\"og:description\" content=\"The Medieval Period or Middle Ages occurred after the Golden Age Period in Ireland. People were already coming from all over Europe to study in Ireland\u2019s monasteries, to trade and even settle. The modern era includes the early period, called the early modern period, which lasted from c. 1500 to around c. 1800 (most often [&hellip;]\" \/>\n<meta property=\"og:url\" content=\"https:\/\/westkerrymuseum.com\/ga\/catalog\/na-meanaoiseanna\/\" \/>\n<meta property=\"og:site_name\" content=\"West Kerry Museum\" \/>\n<meta property=\"article:modified_time\" content=\"2019-07-21T20:11:42+00:00\" \/>\n<meta property=\"og:image\" content=\"https:\/\/westkerrymuseum.com\/\/wp-content\/uploads\/2019\/07\/cannonballs.jpg\" \/>\n<meta name=\"twitter:card\" content=\"summary_large_image\" \/>\n<script type=\"application\/ld+json\" class=\"yoast-schema-graph\">{\"@context\":\"https:\/\/schema.org\",\"@graph\":[{\"@type\":\"WebPage\",\"@id\":\"https:\/\/westkerrymuseum.com\/ga\/catalog\/na-meanaoiseanna\/\",\"url\":\"https:\/\/westkerrymuseum.com\/ga\/catalog\/na-meanaoiseanna\/\",\"name\":\"Na Me\u00e1naoiseanna - West Kerry Museum\",\"isPartOf\":{\"@id\":\"https:\/\/westkerrymuseum.com\/ga\/#website\"},\"primaryImageOfPage\":{\"@id\":\"https:\/\/westkerrymuseum.com\/ga\/catalog\/na-meanaoiseanna\/#primaryimage\"},\"image\":{\"@id\":\"https:\/\/westkerrymuseum.com\/ga\/catalog\/na-meanaoiseanna\/#primaryimage\"},\"thumbnailUrl\":\"https:\/\/westkerrymuseum.com\/\/wp-content\/uploads\/2019\/07\/cannonballs.jpg\",\"datePublished\":\"2019-07-21T19:09:27+00:00\",\"dateModified\":\"2019-07-21T20:11:42+00:00\",\"breadcrumb\":{\"@id\":\"https:\/\/westkerrymuseum.com\/ga\/catalog\/na-meanaoiseanna\/#breadcrumb\"},\"inLanguage\":\"ga-IE\",\"potentialAction\":[{\"@type\":\"ReadAction\",\"target\":[\"https:\/\/westkerrymuseum.com\/ga\/catalog\/na-meanaoiseanna\/\"]}]},{\"@type\":\"ImageObject\",\"inLanguage\":\"ga-IE\",\"@id\":\"https:\/\/westkerrymuseum.com\/ga\/catalog\/na-meanaoiseanna\/#primaryimage\",\"url\":\"https:\/\/westkerrymuseum.com\/\/wp-content\/uploads\/2019\/07\/cannonballs.jpg\",\"contentUrl\":\"https:\/\/westkerrymuseum.com\/\/wp-content\/uploads\/2019\/07\/cannonballs.jpg\"},{\"@type\":\"BreadcrumbList\",\"@id\":\"https:\/\/westkerrymuseum.com\/ga\/catalog\/na-meanaoiseanna\/#breadcrumb\",\"itemListElement\":[{\"@type\":\"ListItem\",\"position\":1,\"name\":\"Home\",\"item\":\"https:\/\/westkerrymuseum.com\/ga\/\"},{\"@type\":\"ListItem\",\"position\":2,\"name\":\"Catalog\",\"item\":\"https:\/\/westkerrymuseum.com\/ga\/catalog\/\"},{\"@type\":\"ListItem\",\"position\":3,\"name\":\"Na Me\u00e1naoiseanna\"}]},{\"@type\":\"WebSite\",\"@id\":\"https:\/\/westkerrymuseum.com\/ga\/#website\",\"url\":\"https:\/\/westkerrymuseum.com\/ga\/\",\"name\":\"West Kerry Museum\",\"description\":\"Culture &amp; Heritage Museum in West Kerry, Ireland\",\"publisher\":{\"@id\":\"https:\/\/westkerrymuseum.com\/ga\/#organization\"},\"potentialAction\":[{\"@type\":\"SearchAction\",\"target\":{\"@type\":\"EntryPoint\",\"urlTemplate\":\"https:\/\/westkerrymuseum.com\/ga\/?s={search_term_string}\"},\"query-input\":{\"@type\":\"PropertyValueSpecification\",\"valueRequired\":true,\"valueName\":\"search_term_string\"}}],\"inLanguage\":\"ga-IE\"},{\"@type\":\"Organization\",\"@id\":\"https:\/\/westkerrymuseum.com\/ga\/#organization\",\"name\":\"West Kerry Museum\",\"url\":\"https:\/\/westkerrymuseum.com\/ga\/\",\"logo\":{\"@type\":\"ImageObject\",\"inLanguage\":\"ga-IE\",\"@id\":\"https:\/\/westkerrymuseum.com\/ga\/#\/schema\/logo\/image\/\",\"url\":\"https:\/\/westkerrymuseum.com\/wp-content\/uploads\/2019\/08\/west-kerry-museum-logo-1.png\",\"contentUrl\":\"https:\/\/westkerrymuseum.com\/wp-content\/uploads\/2019\/08\/west-kerry-museum-logo-1.png\",\"width\":500,\"height\":219,\"caption\":\"West Kerry Museum\"},\"image\":{\"@id\":\"https:\/\/westkerrymuseum.com\/ga\/#\/schema\/logo\/image\/\"}}]}<\/script>\n<!-- \/ Yoast SEO plugin. -->","yoast_head_json":{"title":"Na Me\u00e1naoiseanna - West Kerry Museum","robots":{"index":"index","follow":"follow","max-snippet":"max-snippet:-1","max-image-preview":"max-image-preview:large","max-video-preview":"max-video-preview:-1"},"canonical":"https:\/\/westkerrymuseum.com\/ga\/catalog\/na-meanaoiseanna\/","og_locale":"ga_IE","og_type":"article","og_title":"Na Me\u00e1naoiseanna - West Kerry Museum","og_description":"The Medieval Period or Middle Ages occurred after the Golden Age Period in Ireland. People were already coming from all over Europe to study in Ireland\u2019s monasteries, to trade and even settle. The modern era includes the early period, called the early modern period, which lasted from c. 1500 to around c. 1800 (most often [&hellip;]","og_url":"https:\/\/westkerrymuseum.com\/ga\/catalog\/na-meanaoiseanna\/","og_site_name":"West Kerry Museum","article_modified_time":"2019-07-21T20:11:42+00:00","og_image":[{"url":"https:\/\/westkerrymuseum.com\/\/wp-content\/uploads\/2019\/07\/cannonballs.jpg","type":"","width":"","height":""}],"twitter_card":"summary_large_image","schema":{"@context":"https:\/\/schema.org","@graph":[{"@type":"WebPage","@id":"https:\/\/westkerrymuseum.com\/ga\/catalog\/na-meanaoiseanna\/","url":"https:\/\/westkerrymuseum.com\/ga\/catalog\/na-meanaoiseanna\/","name":"Na Me\u00e1naoiseanna - West Kerry Museum","isPartOf":{"@id":"https:\/\/westkerrymuseum.com\/ga\/#website"},"primaryImageOfPage":{"@id":"https:\/\/westkerrymuseum.com\/ga\/catalog\/na-meanaoiseanna\/#primaryimage"},"image":{"@id":"https:\/\/westkerrymuseum.com\/ga\/catalog\/na-meanaoiseanna\/#primaryimage"},"thumbnailUrl":"https:\/\/westkerrymuseum.com\/\/wp-content\/uploads\/2019\/07\/cannonballs.jpg","datePublished":"2019-07-21T19:09:27+00:00","dateModified":"2019-07-21T20:11:42+00:00","breadcrumb":{"@id":"https:\/\/westkerrymuseum.com\/ga\/catalog\/na-meanaoiseanna\/#breadcrumb"},"inLanguage":"ga-IE","potentialAction":[{"@type":"ReadAction","target":["https:\/\/westkerrymuseum.com\/ga\/catalog\/na-meanaoiseanna\/"]}]},{"@type":"ImageObject","inLanguage":"ga-IE","@id":"https:\/\/westkerrymuseum.com\/ga\/catalog\/na-meanaoiseanna\/#primaryimage","url":"https:\/\/westkerrymuseum.com\/\/wp-content\/uploads\/2019\/07\/cannonballs.jpg","contentUrl":"https:\/\/westkerrymuseum.com\/\/wp-content\/uploads\/2019\/07\/cannonballs.jpg"},{"@type":"BreadcrumbList","@id":"https:\/\/westkerrymuseum.com\/ga\/catalog\/na-meanaoiseanna\/#breadcrumb","itemListElement":[{"@type":"ListItem","position":1,"name":"Home","item":"https:\/\/westkerrymuseum.com\/ga\/"},{"@type":"ListItem","position":2,"name":"Catalog","item":"https:\/\/westkerrymuseum.com\/ga\/catalog\/"},{"@type":"ListItem","position":3,"name":"Na Me\u00e1naoiseanna"}]},{"@type":"WebSite","@id":"https:\/\/westkerrymuseum.com\/ga\/#website","url":"https:\/\/westkerrymuseum.com\/ga\/","name":"West Kerry Museum","description":"Culture &amp; Heritage Museum in West Kerry, Ireland","publisher":{"@id":"https:\/\/westkerrymuseum.com\/ga\/#organization"},"potentialAction":[{"@type":"SearchAction","target":{"@type":"EntryPoint","urlTemplate":"https:\/\/westkerrymuseum.com\/ga\/?s={search_term_string}"},"query-input":{"@type":"PropertyValueSpecification","valueRequired":true,"valueName":"search_term_string"}}],"inLanguage":"ga-IE"},{"@type":"Organization","@id":"https:\/\/westkerrymuseum.com\/ga\/#organization","name":"West Kerry Museum","url":"https:\/\/westkerrymuseum.com\/ga\/","logo":{"@type":"ImageObject","inLanguage":"ga-IE","@id":"https:\/\/westkerrymuseum.com\/ga\/#\/schema\/logo\/image\/","url":"https:\/\/westkerrymuseum.com\/wp-content\/uploads\/2019\/08\/west-kerry-museum-logo-1.png","contentUrl":"https:\/\/westkerrymuseum.com\/wp-content\/uploads\/2019\/08\/west-kerry-museum-logo-1.png","width":500,"height":219,"caption":"West Kerry Museum"},"image":{"@id":"https:\/\/westkerrymuseum.com\/ga\/#\/schema\/logo\/image\/"}}]}},"_links":{"self":[{"href":"https:\/\/westkerrymuseum.com\/ga\/wp-json\/wp\/v2\/pages\/970","targetHints":{"allow":["GET"]}}],"collection":[{"href":"https:\/\/westkerrymuseum.com\/ga\/wp-json\/wp\/v2\/pages"}],"about":[{"href":"https:\/\/westkerrymuseum.com\/ga\/wp-json\/wp\/v2\/types\/page"}],"author":[{"embeddable":true,"href":"https:\/\/westkerrymuseum.com\/ga\/wp-json\/wp\/v2\/users\/3"}],"replies":[{"embeddable":true,"href":"https:\/\/westkerrymuseum.com\/ga\/wp-json\/wp\/v2\/comments?post=970"}],"version-history":[{"count":2,"href":"https:\/\/westkerrymuseum.com\/ga\/wp-json\/wp\/v2\/pages\/970\/revisions"}],"predecessor-version":[{"id":977,"href":"https:\/\/westkerrymuseum.com\/ga\/wp-json\/wp\/v2\/pages\/970\/revisions\/977"}],"up":[{"embeddable":true,"href":"https:\/\/westkerrymuseum.com\/ga\/wp-json\/wp\/v2\/pages\/952"}],"wp:attachment":[{"href":"https:\/\/westkerrymuseum.com\/ga\/wp-json\/wp\/v2\/media?parent=970"}],"curies":[{"name":"wp","href":"https:\/\/api.w.org\/{rel}","templated":true}]}}